{"id":1275,"date":"2021-09-22T16:35:58","date_gmt":"2021-09-22T16:35:58","guid":{"rendered":"http:\/\/industriosos.com\/?page_id=1275"},"modified":"2024-09-20T01:18:22","modified_gmt":"2024-09-20T01:18:22","slug":"gobierno-de-alfonso-lopez-pumarejo-y-el-cafe","status":"publish","type":"page","link":"https:\/\/industriosos.com\/index.php\/gobierno-de-alfonso-lopez-pumarejo-y-el-cafe\/","title":{"rendered":"Gobierno de Alfonso L\u00f3pez Pumarejo y el caf\u00e9"},"content":{"rendered":"<div class=\"wpb-content-wrapper\"><p>[vc_row][vc_column][vc_empty_space][\/vc_column][\/vc_row][vc_row][vc_column css=&#8221;.vc_custom_1631828473627{background-color: #f7f7f7 !important;}&#8221;]<div id=\"ultimate-heading-952969ee072bc1041\" class=\"uvc-heading ult-adjust-bottom-margin ultimate-heading-952969ee072bc1041 uvc-6758 \" data-hspacer=\"line_only\"  data-halign=\"left\" style=\"text-align:left\"><div class=\"uvc-main-heading ult-responsive\"  data-ultimate-target='.uvc-heading.ultimate-heading-952969ee072bc1041 h2'  data-responsive-json-new='{\"font-size\":\"desktop:30px;\",\"line-height\":\"\"}' ><h2 style=\"font-weight:bold;\">Gobierno de Alfonso L\u00f3pez Pumarejo y el caf\u00e9<\/h2><\/div><div class=\"uvc-heading-spacer line_only\" style=\"topheight:1px;\"><span class=\"uvc-headings-line\" style=\"border-style:solid;border-bottom-width:1px;border-color:#da7e2d;width:80px;\"><\/span><\/div><\/div>[vc_empty_space][vc_row_inner][vc_column_inner width=&#8221;1\/2&#8243;][vc_single_image image=&#8221;1523&#8243; img_size=&#8221;full&#8221;][\/vc_column_inner][vc_column_inner width=&#8221;1\/2&#8243;][vc_column_text]<strong>Alfonso L\u00f3pez Pumarejo<\/strong> fue elegido presidente de la Rep\u00fablica en dos periodos 1934 \u2013 1938 y 1942- 1945, implementando varias reformas las cuales llam\u00f3 <strong>\u201cRevoluci\u00f3n en Marcha\u201d<\/strong> y una de sus preocupaciones fue el caf\u00e9, el cual representaba el mayor producto de exportaci\u00f3n y por consiguiente el mayor ingreso que ten\u00eda la Naci\u00f3n.<\/p>\n<p>Alfonso L\u00f3pez Pumarejo viaja a Brasil y ofrece una serie de declaraciones al peri\u00f3dico<strong> El Espectador (edici\u00f3n del 8 Noviembre de 1933)<\/strong>; se\u00f1ala que los colombianos est\u00e1n dispuestos a cooperar con respecto a la crisis cafetera, y\u00a0 que se estudiaran las bases de un posible acuerdo entre los distintos pa\u00edses productores del grano, pactando la producci\u00f3n y as\u00ed dar estabilidad a los precios; <strong>durante su visita a Sao Paulo el 18 de enero de 1934\u00a0 en el banquete ofrecido por el Instituto Cafetero en su discurso da total apoyo para la creaci\u00f3n de la oficina internacional del caf\u00e9 y a nuevos pactos para el beneficios de los caficultores de ambos pa\u00edses<\/strong>:[\/vc_column_text][\/vc_column_inner][\/vc_row_inner]<div class=\"aio-icon-component    style_1\"><div id=\"Info-box-wrap-8480\" class=\"aio-icon-box square_box-icon\" style=\"border-style:solid;background-color:#e5e5e5;\"  ><div class=\"aio-icon-description ult-responsive\"  data-ultimate-target='#Info-box-wrap-8480 .aio-icon-description'  data-responsive-json-new='{\"font-size\":\"\",\"line-height\":\"\"}'  style=\"\">\u201cNo s\u00e9 cu\u00e1l pueda ser la mejor forma de realizar el deseo de la cooperaci\u00f3n entre Colombia y el Brasil en la pol\u00edtica exterior del caf\u00e9. Si la creaci\u00f3n de la oficina internacional del caf\u00e9, sugerida en el congreso internacional de Sao Paulo en 1931, constituye el medio eficaz de ir estudiando como mejor convenga los intereses de los pa\u00edses productores en defensa de la industria cafetera, declaro que el gobierno de mi pa\u00eds demuestra buenas disposiciones de dar los pasos necesarios para colaborar en el establecimiento de esa oficina. Pero si hay otras medidas cuyo estudio se torne conveniente, manifiesto que el Gobierno de Colombia se halla igualmente bien dispuesto a examinarlas con el objetivo de dar forma pr\u00e1ctica a la colaboraci\u00f3n de los dos pa\u00edses en defensa de la industria de que depende en gran parte el bienestar de ambos pueblos\u201d Ospina P\u00e9rez, M. (1933).<\/div> <!-- description --><\/div> <!-- aio-icon-box --><\/div> <!-- aio-icon-component -->[vc_column_text]Durante su primer periodo presidencial (1934-1938), toma la decisi\u00f3n y <strong>realiza un cambio en el<\/strong> <strong>Comit\u00e9 Nacional de Cafeteros otorg\u00e1ndole al gobierno una representaci\u00f3n igualitaria y al presidente de la rep\u00fablica la capacidad para solucionar conflictos<\/strong>. Como segundo paso destituye a <strong>Mariano Ospina P\u00e9rez<\/strong> de la gerencia del Comit\u00e9 Nacional de Cafeteros y en su reemplazo, nombra a <strong>Alejandro L\u00f3pez.<\/strong><\/p>\n<p>El nuevo gerente firma y hace realidad el convenio con Brasil.[\/vc_column_text]<div id=\"ultimate-heading-17669ee072bc17bc\" class=\"uvc-heading ult-adjust-bottom-margin ultimate-heading-17669ee072bc17bc uvc-4054 \" data-hspacer=\"no_spacer\"  data-halign=\"left\" style=\"text-align:left\"><div class=\"uvc-heading-spacer no_spacer\" style=\"top\"><\/div><div class=\"uvc-main-heading ult-responsive\"  data-ultimate-target='.uvc-heading.ultimate-heading-17669ee072bc17bc h2'  data-responsive-json-new='{\"font-size\":\"desktop:20px;\",\"line-height\":\"\"}' ><h2 style=\"font-weight:bold;\">El pacto Colombo-Brasile\u00f1o de 1936<\/h2><\/div><\/div>[vc_empty_space][vc_column_text]Tras la Segunda Guerra Mundial el gobierno convoca a la <strong>\u201cPrimera Conferencia Panamericana del Caf\u00e9\u201d<\/strong> en Bogot\u00e1 Colombia, octubre 5 de 1936; bajo la gerencia de Alejandro L\u00f3pez en la <strong>Federaci\u00f3n Nacional de Cafeteros<\/strong>.<\/p>\n<p>El presidente <strong>Alfonso L\u00f3pez Pumarejo<\/strong> realiza su intervenci\u00f3n al inaugurar la conferencia:[\/vc_column_text]<div class=\"aio-icon-component    style_1\"><div id=\"Info-box-wrap-2257\" class=\"aio-icon-box square_box-icon\" style=\"border-style:solid;background-color:#e5e5e5;\"  ><div class=\"aio-icon-description ult-responsive\"  data-ultimate-target='#Info-box-wrap-2257 .aio-icon-description'  data-responsive-json-new='{\"font-size\":\"\",\"line-height\":\"\"}'  style=\"\">\u201cUna larga experiencia nos ha venido a ense\u00f1ar que ninguno de los pa\u00edses productores de caf\u00e9 goza de condiciones tales de independencia para la distribuci\u00f3n del suyo, que los sit\u00fae en posici\u00f3n privilegiada ante el mundo consumidor. La falta de concordancia y de colaboraci\u00f3n deja a unos y a otros, sucesivamente, en buenas o malas condiciones, con perjuicios o beneficio inmediato de los dem\u00e1s; pero en detrimento constante del grupo productor, que sufre una notable disminuci\u00f3n de precios que podr\u00e1 aminorarse muchas veces sin esfuerzos excepcionales. Seguir pretendiendo aprovechar, cada uno por su cuenta, las alternativas del mercado internacional, en vez de procurar un acuerdo de productores, como existe t\u00e1citamente el de los compradores, sin intentar siquiera el estudio de un posible plan de defensa colectiva, no parece lo mejor aconsejado. Este, se\u00f1ores, uno de los objetos principales de la Conferencia promovida por la Federaci\u00f3n Nacional de Cafeteros de Colombia. Al declararla inaugurada, hago votos porque sus labores redunden en beneficio general de todos los pa\u00edses amigos que est\u00e1n aqu\u00ed representados, para cuyos delegados deseo todo g\u00e9nero de venturas durante su permanencia en Colombia\u201d. (<strong>Discurso de Alfonso L\u00f3pez Pumarejo el 5 de octubre de 1936.)<\/strong><\/div> <!-- description --><\/div> <!-- aio-icon-box --><\/div> <!-- aio-icon-component -->[vc_column_text]En dicha conferencia se lleg\u00f3 a un acuerdo de principio entre Brasil y Colombia. Las conversaciones continuaron en Nueva York, y <strong>el 3 de diciembre se firm\u00f3 un pacto secreto, seg\u00fan el cual los precios m\u00ednimos en Nueva York ser\u00edan de 10.5 centavos la libra para el Santos y Manizales de 12, donde se mantendr\u00eda una diferencia m\u00ednima entre uno y otro de 1.5 centavos, est\u00e1s fueron las bases para el \u201cpacto de paridades\u201d<\/strong>.<\/p>\n<p>Este pacto present\u00f3 varios inconvenientes que hicieron que fracasara, uno de estos fue la baja capacidad financiera de la Federaci\u00f3n; esta depend\u00eda b\u00e1sicamente del impuesto de exportaci\u00f3n de caf\u00e9, establecido en 1927 y de su participaci\u00f3n en el impuesto de giros. <strong>Alejandro L\u00f3pez<\/strong> busc\u00f3 el apoyo del <strong>Banco de la Rep\u00fablica<\/strong>, con diferentes cr\u00e9ditos y con redescuentos de bonos de prenda agraria.<\/p>\n<p>El gobierno de L\u00f3pez Pumarejo present\u00f3 un proyecto de ley que elevaba el impuesto de exportaci\u00f3n y entregaba a la Federaci\u00f3n la totalidad del impuesto de giros, ligeramente reducido a partir de 1938, este proyecto se elev\u00f3 a la ley 41 y fue aprobada por el Congreso el 7 de mayo, obteniendo as\u00ed el apoyo del Banco de la Rep\u00fablica con nuevos cr\u00e9ditos.<\/p>\n<p>Despu\u00e9s que decay\u00f3 un 64% el precio del caf\u00e9 (por la segunda guerra mundial y era dif\u00edcil la exportaci\u00f3n para los grandes consumidores Estados Unidos, Europa y Jap\u00f3n), e<strong>ntre septiembre de 1939 y agosto de 1940 se firma el Acuerdo Interamericano, en noviembre de 1940; el cual pacta un sistema de cuotas con base en la producci\u00f3n de cada pa\u00eds.<\/strong><\/p>\n<p>\u201cLa cuota global para el primer a\u00f1o cafetero (1940-1941) fue de 15.9 millones de sacos; para el caso de Colombia, la cuota fue de 3.15 millones de sacos, que presentaban cerca del 80% de las exportaciones promedio de los \u00faltimos cinco a\u00f1os.\u201d Losada, \u00d3. H. C., &amp; Yacu\u00e9, C. F. O. (2015).<\/p>\n<p>En caso de escasez, <strong>Estados Unidos<\/strong> (como principal consumidor), pod\u00eda aumentar dicha cuota, pero en caso de abundancia solo se podr\u00eda disminuir un 5%, si era votada por unanimidad por las partes del acuerdo.<\/p>\n<p>Lo anterior se dio gracias al convenio que fue aprobado por la<strong> Ley 100 de 1940. <\/strong>[\/vc_column_text]<div id=\"ultimate-heading-31669ee072bc1a4b\" class=\"uvc-heading ult-adjust-bottom-margin ultimate-heading-31669ee072bc1a4b uvc-5468 \" data-hspacer=\"no_spacer\"  data-halign=\"left\" style=\"text-align:left\"><div class=\"uvc-heading-spacer no_spacer\" style=\"top\"><\/div><div class=\"uvc-main-heading ult-responsive\"  data-ultimate-target='.uvc-heading.ultimate-heading-31669ee072bc1a4b h2'  data-responsive-json-new='{\"font-size\":\"desktop:20px;\",\"line-height\":\"\"}' ><h2 style=\"font-weight:bold;\">Bibliograf\u00eda<\/h2><\/div><\/div>[vc_empty_space][vc_column_text]<\/p>\n<ul>\n<li>B\u00e1ez, C. R. (2018). \u00bfColudir o no? Las negociaciones entre Brasil y Colombia para limitar la oferta de caf\u00e9 en la d\u00e9cada de 1930 (No. 015986). Universidad de los Andes-CEDE.<\/li>\n<li>Murgueitio, C. (2009). Estrategias comerciales de los principales productores de caf\u00e9. Brasil y Colombia, antes y despu\u00e9s de la crisis econ\u00f3mica mundial de 1929. Ensayos sobre econom\u00eda cafetera, 51-67.<\/li>\n<li>Machado, A. (2001). El caf\u00e9 en Colombia a principios del siglo XX. Desarrollo econ\u00f3mico y social en Colombia siglo XX, 77-97.<\/li>\n<li>Ospina P\u00e9rez, M. (1933). La pol\u00edtica cafetera de Colombia. Carta del Dr. Mariano Ospina P\u00e9rez al Dr. Alfonso L\u00f3pez. Revista Cafetera de Colombia.<\/li>\n<li>Urrutia, M., &amp; Robinson, J. (2007). Econom\u00eda colombiana del siglo XX. Un an\u00e1lisis cuantitativo. Bogot\u00e1, Colombia, Editorial Fondo de Cultura Econ\u00f3mica.<\/li>\n<li>Cenicaf\u00e9- Centro Nacional de Investigaciones de caf\u00e9. (20 de mayo de 2020). Recuperado de <a href=\"about:blank\">https:\/\/www.cenicafe.org\/es\/index.php\/quienes_somos\/historia<\/a><\/li>\n<li>Historia del caf\u00e9 de Colombia. Caf\u00e9 de Colombia. (20 de mayo de 2021). Recuperado de https:\/\/ <a href=\"about:blank#:~:text=En%201927%20se%20crea%20la,a%20plagas%20como%20la%20roya\">https:\/\/www.cafedecolombia.com\/particulares\/historia-del-cafe-de-colombia\/#:~:text=En%201927%20se%20crea%20la,a%20plagas%20como%20la%20roya<\/a>.<\/li>\n<\/ul>\n<p>[\/vc_column_text][\/vc_column][\/vc_row]<\/p>\n<\/div>","protected":false},"excerpt":{"rendered":"<p>[vc_row][vc_column][vc_empty_space][\/vc_column][\/vc_row][vc_row][vc_column css=&#8221;.vc_custom_1631828473627{background-color: #f7f7f7 !important;}&#8221;][vc_empty_space][vc_row_inner][vc_column_inner width=&#8221;1\/2&#8243;][vc_single_image image=&#8221;1523&#8243; img_size=&#8221;full&#8221;][\/vc_column_inner][vc_column_inner width=&#8221;1\/2&#8243;][vc_column_text]Alfonso L\u00f3pez Pumarejo fue elegido presidente de la Rep\u00fablica en dos periodos 1934 \u2013 1938 y 1942- 1945, implementando varias reformas las cuales llam\u00f3 \u201cRevoluci\u00f3n en Marcha\u201d y una de sus preocupaciones fue el caf\u00e9, el cual representaba el mayor producto de exportaci\u00f3n y por consiguiente el mayor [&hellip;]<\/p>\n","protected":false},"author":2,"featured_media":0,"parent":0,"menu_order":0,"comment_status":"closed","ping_status":"closed","template":"","meta":{"om_disable_all_campaigns":false,"_monsterinsights_skip_tracking":false,"_monsterinsights_sitenote_active":false,"_monsterinsights_sitenote_note":"","_monsterinsights_sitenote_category":0,"site-sidebar-layout":"no-sidebar","site-content-layout":"plain-container","ast-site-content-layout":"","site-content-style":"default","site-sidebar-style":"default","ast-global-header-display":"","ast-banner-title-visibility":"","ast-main-header-display":"","ast-hfb-above-header-display":"","ast-hfb-below-header-display":"","ast-hfb-mobile-header-display":"","site-post-title":"disabled","ast-breadcrumbs-content":"","ast-featured-img":"disabled","footer-sml-layout":"","theme-transparent-header-meta":"default","adv-header-id-meta":"","stick-header-meta":"","header-above-stick-meta":"","header-main-stick-meta":"","header-below-stick-meta":"","astra-migrate-meta-layouts":"default","ast-page-background-enabled":"default","ast-page-background-meta":{"desktop":{"background-color":"","background-image":"","background-repeat":"repeat","background-position":"center center","background-size":"auto","background-attachment":"scroll","background-type":"","background-media":"","overlay-type":"","overlay-color":"","overlay-opacity":"","overlay-gradient":""},"tablet":{"background-color":"","background-image":"","background-repeat":"repeat","background-position":"center center","background-size":"auto","background-attachment":"scroll","background-type":"","background-media":"","overlay-type":"","overlay-color":"","overlay-opacity":"","overlay-gradient":""},"mobile":{"background-color":"","background-image":"","background-repeat":"repeat","background-position":"center center","background-size":"auto","background-attachment":"scroll","background-type":"","background-media":"","overlay-type":"","overlay-color":"","overlay-opacity":"","overlay-gradient":""}},"ast-content-background-meta":{"desktop":{"background-color":"var(--ast-global-color-5)","background-image":"","background-repeat":"repeat","background-position":"center center","background-size":"auto","background-attachment":"scroll","background-type":"","background-media":"","overlay-type":"","overlay-color":"","overlay-opacity":"","overlay-gradient":""},"tablet":{"background-color":"var(--ast-global-color-5)","background-image":"","background-repeat":"repeat","background-position":"center center","background-size":"auto","background-attachment":"scroll","background-type":"","background-media":"","overlay-type":"","overlay-color":"","overlay-opacity":"","overlay-gradient":""},"mobile":{"background-color":"var(--ast-global-color-5)","background-image":"","background-repeat":"repeat","background-position":"center center","background-size":"auto","background-attachment":"scroll","background-type":"","background-media":"","overlay-type":"","overlay-color":"","overlay-opacity":"","overlay-gradient":""}},"footnotes":""},"class_list":["post-1275","page","type-page","status-publish","hentry"],"yoast_head":"<!-- This site is optimized with the Yoast SEO plugin v24.0 - https:\/\/yoast.com\/wordpress\/plugins\/seo\/ -->\n<title>Industriosos | Gobierno de Alfonso L\u00f3pez Pumarejo y el caf\u00e9<\/title>\n<meta name=\"description\" content=\"Alfonso L\u00f3pez Pumarejo elegido presidente en dos periodos 1934 \u2013 1938 y 1942- 1945, implementando reformas como la \u201cRevoluci\u00f3n en Marcha\u201d\" \/>\n<meta name=\"robots\" content=\"index, follow, max-snippet:-1, max-image-preview:large, max-video-preview:-1\" \/>\n<link rel=\"canonical\" href=\"https:\/\/industriosos.com\/index.php\/gobierno-de-alfonso-lopez-pumarejo-y-el-cafe\/\" \/>\n<meta property=\"og:locale\" content=\"es_ES\" \/>\n<meta property=\"og:type\" content=\"article\" \/>\n<meta property=\"og:title\" content=\"Industriosos | Gobierno de Alfonso L\u00f3pez Pumarejo y el caf\u00e9\" \/>\n<meta property=\"og:description\" content=\"Alfonso L\u00f3pez Pumarejo elegido presidente en dos periodos 1934 \u2013 1938 y 1942- 1945, implementando reformas como la \u201cRevoluci\u00f3n en Marcha\u201d\" \/>\n<meta property=\"og:url\" content=\"https:\/\/industriosos.com\/index.php\/gobierno-de-alfonso-lopez-pumarejo-y-el-cafe\/\" \/>\n<meta property=\"article:publisher\" content=\"https:\/\/www.facebook.com\/p\/Industriosos-61555850965002\/?fref=mentions&amp;paipv=0&amp;eav=Afb8Tq6p8b1qCWCh9_m_3XsSD066aquOeICFtDWtKTTAQ7I-iL16FaoSF_xysG-J76c&amp;_rdr\" \/>\n<meta property=\"article:modified_time\" content=\"2024-09-20T01:18:22+00:00\" \/>\n<meta name=\"twitter:card\" content=\"summary_large_image\" \/>\n<meta name=\"twitter:label1\" content=\"Tiempo de lectura\" \/>\n\t<meta name=\"twitter:data1\" content=\"6 minutos\" \/>\n<script type=\"application\/ld+json\" class=\"yoast-schema-graph\">{\"@context\":\"https:\/\/schema.org\",\"@graph\":[{\"@type\":\"WebPage\",\"@id\":\"https:\/\/industriosos.com\/index.php\/gobierno-de-alfonso-lopez-pumarejo-y-el-cafe\/\",\"url\":\"https:\/\/industriosos.com\/index.php\/gobierno-de-alfonso-lopez-pumarejo-y-el-cafe\/\",\"name\":\"Industriosos | Gobierno de Alfonso L\u00f3pez Pumarejo y el caf\u00e9\",\"isPartOf\":{\"@id\":\"https:\/\/industriosos.com\/#website\"},\"datePublished\":\"2021-09-22T16:35:58+00:00\",\"dateModified\":\"2024-09-20T01:18:22+00:00\",\"description\":\"Alfonso L\u00f3pez Pumarejo elegido presidente en dos periodos 1934 \u2013 1938 y 1942- 1945, implementando reformas como la \u201cRevoluci\u00f3n en Marcha\u201d\",\"breadcrumb\":{\"@id\":\"https:\/\/industriosos.com\/index.php\/gobierno-de-alfonso-lopez-pumarejo-y-el-cafe\/#breadcrumb\"},\"inLanguage\":\"es-CO\",\"potentialAction\":[{\"@type\":\"ReadAction\",\"target\":[\"https:\/\/industriosos.com\/index.php\/gobierno-de-alfonso-lopez-pumarejo-y-el-cafe\/\"]}]},{\"@type\":\"BreadcrumbList\",\"@id\":\"https:\/\/industriosos.com\/index.php\/gobierno-de-alfonso-lopez-pumarejo-y-el-cafe\/#breadcrumb\",\"itemListElement\":[{\"@type\":\"ListItem\",\"position\":1,\"name\":\"Inicio\",\"item\":\"https:\/\/industriosos.com\/\"},{\"@type\":\"ListItem\",\"position\":2,\"name\":\"Gobierno de Alfonso L\u00f3pez Pumarejo y el caf\u00e9\"}]},{\"@type\":\"WebSite\",\"@id\":\"https:\/\/industriosos.com\/#website\",\"url\":\"https:\/\/industriosos.com\/\",\"name\":\"Industriosos\",\"description\":\"\",\"publisher\":{\"@id\":\"https:\/\/industriosos.com\/#organization\"},\"potentialAction\":[{\"@type\":\"SearchAction\",\"target\":{\"@type\":\"EntryPoint\",\"urlTemplate\":\"https:\/\/industriosos.com\/?s={search_term_string}\"},\"query-input\":{\"@type\":\"PropertyValueSpecification\",\"valueRequired\":true,\"valueName\":\"search_term_string\"}}],\"inLanguage\":\"es-CO\"},{\"@type\":\"Organization\",\"@id\":\"https:\/\/industriosos.com\/#organization\",\"name\":\"Industriosos\",\"url\":\"https:\/\/industriosos.com\/\",\"logo\":{\"@type\":\"ImageObject\",\"inLanguage\":\"es-CO\",\"@id\":\"https:\/\/industriosos.com\/#\/schema\/logo\/image\/\",\"url\":\"https:\/\/industriosos.com\/wp-content\/uploads\/2024\/10\/cropped-logo-industriosos-Color-300.png\",\"contentUrl\":\"https:\/\/industriosos.com\/wp-content\/uploads\/2024\/10\/cropped-logo-industriosos-Color-300.png\",\"width\":300,\"height\":100,\"caption\":\"Industriosos\"},\"image\":{\"@id\":\"https:\/\/industriosos.com\/#\/schema\/logo\/image\/\"},\"sameAs\":[\"https:\/\/www.facebook.com\/p\/Industriosos-61555850965002\/?fref=mentions&paipv=0&eav=Afb8Tq6p8b1qCWCh9_m_3XsSD066aquOeICFtDWtKTTAQ7I-iL16FaoSF_xysG-J76c&_rdr\",\"https:\/\/www.instagram.com\/industriosos\"]}]}<\/script>\n<!-- \/ Yoast SEO plugin. -->","yoast_head_json":{"title":"Industriosos | Gobierno de Alfonso L\u00f3pez Pumarejo y el caf\u00e9","description":"Alfonso L\u00f3pez Pumarejo elegido presidente en dos periodos 1934 \u2013 1938 y 1942- 1945, implementando reformas como la \u201cRevoluci\u00f3n en Marcha\u201d","robots":{"index":"index","follow":"follow","max-snippet":"max-snippet:-1","max-image-preview":"max-image-preview:large","max-video-preview":"max-video-preview:-1"},"canonical":"https:\/\/industriosos.com\/index.php\/gobierno-de-alfonso-lopez-pumarejo-y-el-cafe\/","og_locale":"es_ES","og_type":"article","og_title":"Industriosos | Gobierno de Alfonso L\u00f3pez Pumarejo y el caf\u00e9","og_description":"Alfonso L\u00f3pez Pumarejo elegido presidente en dos periodos 1934 \u2013 1938 y 1942- 1945, implementando reformas como la \u201cRevoluci\u00f3n en Marcha\u201d","og_url":"https:\/\/industriosos.com\/index.php\/gobierno-de-alfonso-lopez-pumarejo-y-el-cafe\/","article_publisher":"https:\/\/www.facebook.com\/p\/Industriosos-61555850965002\/?fref=mentions&paipv=0&eav=Afb8Tq6p8b1qCWCh9_m_3XsSD066aquOeICFtDWtKTTAQ7I-iL16FaoSF_xysG-J76c&_rdr","article_modified_time":"2024-09-20T01:18:22+00:00","twitter_card":"summary_large_image","twitter_misc":{"Tiempo de lectura":"6 minutos"},"schema":{"@context":"https:\/\/schema.org","@graph":[{"@type":"WebPage","@id":"https:\/\/industriosos.com\/index.php\/gobierno-de-alfonso-lopez-pumarejo-y-el-cafe\/","url":"https:\/\/industriosos.com\/index.php\/gobierno-de-alfonso-lopez-pumarejo-y-el-cafe\/","name":"Industriosos | Gobierno de Alfonso L\u00f3pez Pumarejo y el caf\u00e9","isPartOf":{"@id":"https:\/\/industriosos.com\/#website"},"datePublished":"2021-09-22T16:35:58+00:00","dateModified":"2024-09-20T01:18:22+00:00","description":"Alfonso L\u00f3pez Pumarejo elegido presidente en dos periodos 1934 \u2013 1938 y 1942- 1945, implementando reformas como la \u201cRevoluci\u00f3n en Marcha\u201d","breadcrumb":{"@id":"https:\/\/industriosos.com\/index.php\/gobierno-de-alfonso-lopez-pumarejo-y-el-cafe\/#breadcrumb"},"inLanguage":"es-CO","potentialAction":[{"@type":"ReadAction","target":["https:\/\/industriosos.com\/index.php\/gobierno-de-alfonso-lopez-pumarejo-y-el-cafe\/"]}]},{"@type":"BreadcrumbList","@id":"https:\/\/industriosos.com\/index.php\/gobierno-de-alfonso-lopez-pumarejo-y-el-cafe\/#breadcrumb","itemListElement":[{"@type":"ListItem","position":1,"name":"Inicio","item":"https:\/\/industriosos.com\/"},{"@type":"ListItem","position":2,"name":"Gobierno de Alfonso L\u00f3pez Pumarejo y el caf\u00e9"}]},{"@type":"WebSite","@id":"https:\/\/industriosos.com\/#website","url":"https:\/\/industriosos.com\/","name":"Industriosos","description":"","publisher":{"@id":"https:\/\/industriosos.com\/#organization"},"potentialAction":[{"@type":"SearchAction","target":{"@type":"EntryPoint","urlTemplate":"https:\/\/industriosos.com\/?s={search_term_string}"},"query-input":{"@type":"PropertyValueSpecification","valueRequired":true,"valueName":"search_term_string"}}],"inLanguage":"es-CO"},{"@type":"Organization","@id":"https:\/\/industriosos.com\/#organization","name":"Industriosos","url":"https:\/\/industriosos.com\/","logo":{"@type":"ImageObject","inLanguage":"es-CO","@id":"https:\/\/industriosos.com\/#\/schema\/logo\/image\/","url":"https:\/\/industriosos.com\/wp-content\/uploads\/2024\/10\/cropped-logo-industriosos-Color-300.png","contentUrl":"https:\/\/industriosos.com\/wp-content\/uploads\/2024\/10\/cropped-logo-industriosos-Color-300.png","width":300,"height":100,"caption":"Industriosos"},"image":{"@id":"https:\/\/industriosos.com\/#\/schema\/logo\/image\/"},"sameAs":["https:\/\/www.facebook.com\/p\/Industriosos-61555850965002\/?fref=mentions&paipv=0&eav=Afb8Tq6p8b1qCWCh9_m_3XsSD066aquOeICFtDWtKTTAQ7I-iL16FaoSF_xysG-J76c&_rdr","https:\/\/www.instagram.com\/industriosos"]}]}},"_links":{"self":[{"href":"https:\/\/industriosos.com\/index.php\/wp-json\/wp\/v2\/pages\/1275","targetHints":{"allow":["GET"]}}],"collection":[{"href":"https:\/\/industriosos.com\/index.php\/wp-json\/wp\/v2\/pages"}],"about":[{"href":"https:\/\/industriosos.com\/index.php\/wp-json\/wp\/v2\/types\/page"}],"author":[{"embeddable":true,"href":"https:\/\/industriosos.com\/index.php\/wp-json\/wp\/v2\/users\/2"}],"replies":[{"embeddable":true,"href":"https:\/\/industriosos.com\/index.php\/wp-json\/wp\/v2\/comments?post=1275"}],"version-history":[{"count":12,"href":"https:\/\/industriosos.com\/index.php\/wp-json\/wp\/v2\/pages\/1275\/revisions"}],"predecessor-version":[{"id":1820,"href":"https:\/\/industriosos.com\/index.php\/wp-json\/wp\/v2\/pages\/1275\/revisions\/1820"}],"wp:attachment":[{"href":"https:\/\/industriosos.com\/index.php\/wp-json\/wp\/v2\/media?parent=1275"}],"curies":[{"name":"wp","href":"https:\/\/api.w.org\/{rel}","templated":true}]}}